{"id":189,"date":"2025-09-07T23:38:56","date_gmt":"2025-09-08T02:38:56","guid":{"rendered":"https:\/\/clientes.asxmkt.com.br\/contabilidade-boa-vista\/?page_id=189"},"modified":"2025-09-08T01:25:26","modified_gmt":"2025-09-08T04:25:26","slug":"links-governamentais","status":"publish","type":"page","link":"https:\/\/clientes.asxmkt.com.br\/contabilidade-boa-vista\/site\/links-uteis\/links-governamentais\/","title":{"rendered":"Links Governamentais"},"content":{"rendered":"<ul>\n<li><a href=\"https:\/\/www.gov.br\/pt-br\/servicos\/emitir-certidao-de-regularidade-fiscal\" target=\"_blank\">Certid\u00e3o Negativa de D\u00e9bitos Federal<\/a><\/li>\n<li><a href=\"#\" target=\"_blank\">Certid\u00e3o Negativa de D\u00e9bitos Estadual<\/a><\/li>\n<li><a href=\"#\" target=\"_blank\">Certid\u00e3o Negativa de D\u00e9bitos Municipal<\/a><\/li>\n<li><a href=\"#\" target=\"_blank\">Certid\u00e3o Negativa de D\u00e9bitos FGTS<\/a><\/li>\n<li><a href=\"https:\/\/www.detran.sc.gov.br\/\" target=\"_blank\">Detran SC<\/a><\/li>\n<li><a href=\"#\" target=\"_blank\">CRC SC<\/a><\/li>\n<li><a href=\"https:\/\/cfc.org.br\/\" target=\"_blank\">Conselho Federal de Contabilidade<\/a><\/li>\n<li><a href=\"https:\/\/www.gov.br\/receitafederal\/pt-br\" target=\"_blank\">Legisla\u00e7\u00e3o da Receita<\/a><\/li>\n<li><a href=\"https:\/\/www.gov.br\/pt-br\" target=\"_blank\">Portal do Brasil<\/a><\/li>\n<li><a href=\"https:\/\/www.gov.br\/trabalho-e-previdencia\/pt-br\" target=\"_blank\">Minist\u00e9rio do Trabalho e Emprego<\/a><\/li>\n<li><a href=\"https:\/\/www.gov.br\/suframa\/pt-br\" target=\"_blank\">Suframa<\/a><\/li>\n<li><a href=\"https:\/\/www.gov.br\/anatel\/pt-br\" target=\"_blank\">Anatel<\/a><\/li>\n<li><a href=\"https:\/\/www.gov.br\/empregoeempresas\/pt-br\/assuntos\/ocupacao-e-salarios\/cbo\" target=\"_blank\">CBO<\/a><\/li>\n<li><a href=\"https:\/\/www.regularize.pgfn.gov.br\/\" target=\"_blank\">PGFN<\/a><\/li>\n<\/ul>\n","protected":false},"excerpt":{"rendered":"<p>Certid\u00e3o Negativa de D\u00e9bitos Federal Certid\u00e3o Negativa de D\u00e9bitos Estadual Certid\u00e3o Negativa de D\u00e9bitos Municipal Certid\u00e3o Negativa de D\u00e9bitos FGTS Detran SC CRC SC Conselho Federal de Contabilidade Legisla\u00e7\u00e3o da Receita Portal do Brasil Minist\u00e9rio do Trabalho e Emprego Suframa Anatel CBO PGFN<\/p>\n","protected":false},"author":1,"featured_media":0,"parent":40,"menu_order":0,"comment_status":"closed","ping_status":"closed","template":"links-uteis-single.php","meta":{"_acf_changed":false,"footnotes":""},"class_list":["post-189","page","type-page","status-publish","hentry"],"acf":[],"_links":{"self":[{"href":"https:\/\/clientes.asxmkt.com.br\/contabilidade-boa-vista\/site\/wp-json\/wp\/v2\/pages\/189","targetHints":{"allow":["GET"]}}],"collection":[{"href":"https:\/\/clientes.asxmkt.com.br\/contabilidade-boa-vista\/site\/wp-json\/wp\/v2\/pages"}],"about":[{"href":"https:\/\/clientes.asxmkt.com.br\/contabilidade-boa-vista\/site\/wp-json\/wp\/v2\/types\/page"}],"author":[{"embeddable":true,"href":"https:\/\/clientes.asxmkt.com.br\/contabilidade-boa-vista\/site\/wp-json\/wp\/v2\/users\/1"}],"replies":[{"embeddable":true,"href":"https:\/\/clientes.asxmkt.com.br\/contabilidade-boa-vista\/site\/wp-json\/wp\/v2\/comments?post=189"}],"version-history":[{"count":2,"href":"https:\/\/clientes.asxmkt.com.br\/contabilidade-boa-vista\/site\/wp-json\/wp\/v2\/pages\/189\/revisions"}],"predecessor-version":[{"id":218,"href":"https:\/\/clientes.asxmkt.com.br\/contabilidade-boa-vista\/site\/wp-json\/wp\/v2\/pages\/189\/revisions\/218"}],"up":[{"embeddable":true,"href":"https:\/\/clientes.asxmkt.com.br\/contabilidade-boa-vista\/site\/wp-json\/wp\/v2\/pages\/40"}],"wp:attachment":[{"href":"https:\/\/clientes.asxmkt.com.br\/contabilidade-boa-vista\/site\/wp-json\/wp\/v2\/media?parent=189"}],"curies":[{"name":"wp","href":"https:\/\/api.w.org\/{rel}","templated":true}]}}